{"id":5837,"date":"2026-08-22T14:56:58","date_gmt":"2026-08-22T14:56:58","guid":{"rendered":"https:\/\/andinadmc.com\/?page_id=5837"},"modified":"2026-09-06T02:02:35","modified_gmt":"2026-09-06T02:02:35","slug":"sur_andino","status":"publish","type":"page","link":"https:\/\/andinadmc.com\/en\/sur_andino\/","title":{"rendered":"Sur andino"},"content":{"rendered":"\t\t<div data-elementor-type=\"wp-page\" data-elementor-id=\"5837\" class=\"elementor elementor-5837\" data-elementor-post-type=\"page\">\n\t\t\t\t<div class=\"elementor-element elementor-element-5c24a1e e-con-full e-flex e-con e-parent\" data-id=\"5c24a1e\" data-element_type=\"container\" data-e-type=\"container\" data-settings=\"{&quot;background_background&quot;:&quot;slideshow&quot;,&quot;background_motion_fx_translateY_effect&quot;:&quot;yes&quot;,&quot;background_slideshow_gallery&quot;:[{&quot;id&quot;:5901,&quot;url&quot;:&quot;https:\\\/\\\/andinadmc.com\\\/wp-content\\\/uploads\\\/2026\\\/08\\\/cerro-de-los-siete-colores-peru.webp&quot;},{&quot;id&quot;:5959,&quot;url&quot;:&quot;https:\\\/\\\/andinadmc.com\\\/wp-content\\\/uploads\\\/2026\\\/08\\\/guerrero-inca-en-cusco.webp&quot;},{&quot;id&quot;:5960,&quot;url&quot;:&quot;https:\\\/\\\/andinadmc.com\\\/wp-content\\\/uploads\\\/2026\\\/08\\\/machupichu-con-llama.webp&quot;},{&quot;id&quot;:5894,&quot;url&quot;:&quot;https:\\\/\\\/andinadmc.com\\\/wp-content\\\/uploads\\\/2026\\\/08\\\/Moray.webp&quot;}],&quot;background_slideshow_slide_duration&quot;:1000,&quot;background_slideshow_transition_duration&quot;:200,&quot;background_slideshow_loop&quot;:&quot;yes&quot;,&quot;background_slideshow_slide_transition&quot;:&quot;fade&quot;,&quot;background_motion_fx_translateY_speed&quot;:{&quot;unit&quot;:&quot;px&quot;,&quot;size&quot;:4,&quot;sizes&quot;:[]},&quot;background_motion_fx_translateY_affectedRange&quot;:{&quot;unit&quot;:&quot;%&quot;,&quot;size&quot;:&quot;&quot;,&quot;sizes&quot;:{&quot;start&quot;:0,&quot;end&quot;:100}},&quot;background_motion_fx_devices&quot;:[&quot;desktop&quot;,&quot;laptop&quot;,&quot;tablet_extra&quot;,&quot;tablet&quot;,&quot;mobile_extra&quot;,&quot;mobile&quot;]}\">\n\t\t<div class=\"elementor-element elementor-element-4a44d20 e-con-full e-flex e-con e-child\" data-id=\"4a44d20\" data-element_type=\"container\" data-e-type=\"container\" data-settings=\"{&quot;motion_fx_translateY_effect&quot;:&quot;yes&quot;,&quot;background_background&quot;:&quot;classic&quot;,&quot;motion_fx_motion_fx_scrolling&quot;:&quot;yes&quot;,&quot;motion_fx_translateY_speed&quot;:{&quot;unit&quot;:&quot;px&quot;,&quot;size&quot;:4,&quot;sizes&quot;:[]},&quot;motion_fx_translateY_affectedRange&quot;:{&quot;unit&quot;:&quot;%&quot;,&quot;size&quot;:&quot;&quot;,&quot;sizes&quot;:{&quot;start&quot;:0,&quot;end&quot;:100}},&quot;motion_fx_devices&quot;:[&quot;desktop&quot;,&quot;laptop&quot;,&quot;tablet_extra&quot;,&quot;tablet&quot;,&quot;mobile_extra&quot;,&quot;mobile&quot;]}\">\n\t\t\t\t\t<p class=\"e-808e4b7-090225b e-paragraph-base\" data-interaction-id=\"808e4b7\">PER\u00da \u00b7 SUR ANDINO \u00b7 CORDILLERA<\/p>\n\t\t\t\t\t<p class=\"e-36ada1c-623f4f7 e-paragraph-base\" data-interaction-id=\"36ada1c\">Per\u00fa no se explica, se atraviesa<\/p>\n\t\t\t\t\t<p class=\"e-75deed1-5f1daf6 e-paragraph-base\" data-interaction-id=\"75deed1\">En una misma semana se puede bajar de un paso andino de 4.000 metros al Valle Sagrado, subir hasta el Ca\u00f1\u00f3n del Colca o cruzar el altiplano hasta el lago navegable m\u00e1s alto del mundo. La mujer que teje en el Valle Sagrado usa el mismo telar que usaba su abuela.<\/p>\n\t\t\t\t<div class=\"elementor-element elementor-element-44bc06f elementor-widget elementor-widget-button\" data-id=\"44bc06f\" data-element_type=\"widget\" data-e-type=\"widget\" data-settings=\"{&quot;wdt_animation_effect&quot;:&quot;none&quot;}\" data-widget_type=\"button.default\">\n\t\t\t\t\t\t\t\t\t\t<a class=\"elementor-button elementor-button-link elementor-size-sm\" href=\"https:\/\/andinadmc.com\/contactenos\/\">\n\t\t\t\t\t\t<span class=\"elementor-button-content-wrapper\">\n\t\t\t\t\t\t\t\t\t<span class=\"elementor-button-text\">DISE\u00d1EMOS su programa<\/span>\n\t\t\t\t\t<\/span>\n\t\t\t\t\t<\/a>\n\t\t\t\t\t\t\t\t<\/div>\n\t\t\t\t<\/div>\n\t\t\t\t<\/div>\n\t\t<div class=\"elementor-element elementor-element-90c00a1 e-con-full e-flex e-con e-parent\" data-id=\"90c00a1\" data-element_type=\"container\" data-e-type=\"container\" data-settings=\"{&quot;background_background&quot;:&quot;classic&quot;}\">\n\t\t<div class=\"elementor-element elementor-element-45bbacb e-con-full e-flex e-con e-child\" data-id=\"45bbacb\" data-element_type=\"container\" data-e-type=\"container\" data-settings=\"{&quot;animation&quot;:&quot;none&quot;}\">\n\t\t\t\t\t<p class=\"e-e78e14a-5e861c0 e-paragraph-base\" data-interaction-id=\"e78e14a\">LA CIUDAD Y EL VALLE<\/p>\n\t\t\t\t\t<p class=\"e-e6bdf29-90da484 e-paragraph-base\" data-interaction-id=\"e6bdf29\">Una capital que nunca dej\u00f3 de construirse<\/p>\n\t\t\t\t\t<p class=\"e-92ace6f-3499d9f e-paragraph-base\" data-interaction-id=\"92ace6f\">Cusco fue la capital del imperio inca, y todav\u00eda se nota: buena parte de las calles coloniales del centro corre sobre los mismos muros de piedra que quedaron despu\u00e9s de la conquista.<\/p>\n\t\t\t\t<\/div>\n\t\t<div class=\"elementor-element elementor-element-4ae5d30 e-con-full e-flex e-con e-child\" data-id=\"4ae5d30\" data-element_type=\"container\" data-e-type=\"container\" data-settings=\"{&quot;animation&quot;:&quot;none&quot;}\">\n\t\t<div class=\"elementor-element elementor-element-e790e07 e-con e-atomic-element e-div-block-base e-e790e07-962f598 \" data-id=\"e790e07\" data-element_type=\"e-div-block\" data-e-type=\"e-div-block\" data-interaction-id=\"e790e07\">\n    \t\t\t<p class=\"e-4ca2cf5-eb2c0cb e-paragraph-base\" data-interaction-id=\"4ca2cf5\">\u2014 Cusco, la ciudad &nbsp; \u00b7&nbsp; HISTORIA<\/p>\n\t\t\t\t\t<p class=\"e-5466a93-4dd9713 e-paragraph-base\" data-interaction-id=\"5466a93\">La piedra de los doce \u00e1ngulos, encajada sin argamasa en una calle del centro, es el ejemplo m\u00e1s visitado de esa construcci\u00f3n.<\/p>\n\t\t\n<\/div>\n<div class=\"elementor-element elementor-element-3814773 e-con e-atomic-element e-div-block-base e-3814773-5e21c1e e-3814773-5e21c1e \" data-id=\"3814773\" data-element_type=\"e-div-block\" data-e-type=\"e-div-block\" data-interaction-id=\"3814773\">\n    \t\t\t<p class=\"e-6c04630-d6ab575 e-paragraph-base\" data-interaction-id=\"6c04630\">\u2014 Ollantaytambo<\/p>\n\t\t\t\t\t<p class=\"e-969c514-d92a948 e-paragraph-base\" data-interaction-id=\"969c514\">Un pueblo donde la gente vive hoy dentro de las paredes que construyeron los incas hace 500 a\u00f1os. El agua todav\u00eda corre por los mismos canales de piedra, y las terrazas de la ladera se siembran cada a\u00f1o porque ah\u00ed crece la papa.<\/p>\n\t\t\n<\/div>\n\t\t<div class=\"elementor-element elementor-element-cff7ed1 elementor-widget elementor-widget-button\" data-id=\"cff7ed1\" data-element_type=\"widget\" data-e-type=\"widget\" data-settings=\"{&quot;wdt_animation_effect&quot;:&quot;none&quot;}\" data-widget_type=\"button.default\">\n\t\t\t\t\t\t\t\t\t\t<a class=\"elementor-button elementor-button-link elementor-size-sm\" href=\"https:\/\/andinadmc.com\/contactenos\/\">\n\t\t\t\t\t\t<span class=\"elementor-button-content-wrapper\">\n\t\t\t\t\t\t\t\t\t<span class=\"elementor-button-text\">VER PROGRAMA COMPLETO<\/span>\n\t\t\t\t\t<\/span>\n\t\t\t\t\t<\/a>\n\t\t\t\t\t\t\t\t<\/div>\n\t\t\t\t<\/div>\n\t\t\t\t<\/div>\n\t\t<div class=\"elementor-element elementor-element-ca99059 e-flex e-con-boxed e-con e-parent\" data-id=\"ca99059\" data-element_type=\"container\" data-e-type=\"container\" data-settings=\"{&quot;background_background&quot;:&quot;slideshow&quot;,&quot;background_slideshow_slide_duration&quot;:1000,&quot;uicore_onscroll_effect&quot;:&quot;sticky-parallax&quot;,&quot;background_slideshow_gallery&quot;:[{&quot;id&quot;:5906,&quot;url&quot;:&quot;https:\\\/\\\/andinadmc.com\\\/wp-content\\\/uploads\\\/2026\\\/08\\\/ollantaytambo.webp&quot;},{&quot;id&quot;:5907,&quot;url&quot;:&quot;https:\\\/\\\/andinadmc.com\\\/wp-content\\\/uploads\\\/2026\\\/08\\\/Sitio-arqueologico-de-Ollantaytambo.webp&quot;},{&quot;id&quot;:5909,&quot;url&quot;:&quot;https:\\\/\\\/andinadmc.com\\\/wp-content\\\/uploads\\\/2026\\\/08\\\/cusco-arqueologia.webp&quot;},{&quot;id&quot;:5910,&quot;url&quot;:&quot;https:\\\/\\\/andinadmc.com\\\/wp-content\\\/uploads\\\/2026\\\/08\\\/cusco-ciudad.webp&quot;}],&quot;background_slideshow_transition_duration&quot;:200,&quot;background_slideshow_slide_transition&quot;:&quot;fade&quot;}\">\n\t\t\t\t\t<div class=\"e-con-inner\">\n\t\t\t\t\t<\/div>\n\t\t\t\t<\/div>\n\t\t<div class=\"elementor-element elementor-element-4d3ebb3 e-con-full e-flex e-con e-parent\" data-id=\"4d3ebb3\" data-element_type=\"container\" data-e-type=\"container\" data-settings=\"{&quot;background_background&quot;:&quot;classic&quot;}\">\n\t\t<div class=\"elementor-element elementor-element-0205321 e-con-full e-flex elementor-invisible e-con e-child\" data-id=\"0205321\" data-element_type=\"container\" data-e-type=\"container\" data-settings=\"{&quot;animation&quot;:&quot;fadeInUp&quot;}\">\n\t\t\t\t\t<p class=\"e-1407614-4e42c18 e-paragraph-base\" data-interaction-id=\"1407614\">EL VALLE SAGRADO<\/p>\n\t\t\t\t\t<p class=\"e-3bc8a16-c1b49e4 e-paragraph-base\" data-interaction-id=\"3bc8a16\">Un valle que se trabaja a mano, todav\u00eda<\/p>\n\t\t\t\t\t<p class=\"e-30e4440-35c0e18 e-paragraph-base\" data-interaction-id=\"30e4440\">Entre terrazas, salineras y comunidades tejedoras, el Valle Sagrado sostiene oficios que no cambiaron de m\u00e9todo en siglos.<\/p>\n\t\t\t\t<\/div>\n\t\t\t\t<\/div>\n\t\t<div class=\"elementor-element elementor-element-a7a3a75 e-con-full e-flex e-con e-parent\" data-id=\"a7a3a75\" data-element_type=\"container\" data-e-type=\"container\" data-settings=\"{&quot;background_background&quot;:&quot;classic&quot;}\">\n\t\t<div class=\"elementor-element elementor-element-14b832f e-con-full e-flex elementor-invisible e-con e-child\" data-id=\"14b832f\" data-element_type=\"container\" data-e-type=\"container\" data-settings=\"{&quot;animation&quot;:&quot;fadeInUp&quot;}\">\n\t\t<div class=\"elementor-element elementor-element-1d7ed27 e-con-full e-flex elementor-invisible e-con e-child\" data-id=\"1d7ed27\" data-element_type=\"container\" data-e-type=\"container\" data-settings=\"{&quot;animation&quot;:&quot;fadeInUp&quot;}\">\n\t\t\t\t<div class=\"elementor-element elementor-element-d1b412d elementor-widget elementor-widget-eael-image-accordion\" data-id=\"d1b412d\" data-element_type=\"widget\" data-e-type=\"widget\" data-settings=\"{&quot;wdt_animation_effect&quot;:&quot;none&quot;}\" data-widget_type=\"eael-image-accordion.default\">\n\t\t\t\t\t    <div class=\"eael-img-accordion accordion-direction-horizontal eael-img-accordion-horizontal-align-left eael-img-accordion-vertical-align-center\" id=\"eael-img-accordion-d1b412d\" data-img-accordion-id=\"d1b412d\" data-img-accordion-type=\"on-hover\">\n                    \n            <div class=\"eael-image-accordion-hover eael-image-accordion-item\" style=\"background-image: url(https:\/\/andinadmc.com\/wp-content\/uploads\/2026\/08\/tejedora-peru-1.webp);\"  tabindex=\"0\">\n                <div class=\"overlay\">\n                                        <div class=\"overlay-inner \">\n                        <h2 class=\"img-accordion-title\">\u2014 Tejedores y ceramistas<\/h2>                            <p><p><span style=\"font-weight: 400\">Comunidades que siguen ti\u00f1endo la lana con plantas de la zona \u2014cochinilla para el rojo\u2014 y trabajando el telar amarrado a la cintura. Otras sostienen la tradici\u00f3n de la cer\u00e1mica, formando y pintando cada pieza a mano.<\/span><\/p><\/p>\n                                            <\/div>\n                <\/div>\n            <\/div>\n                    \n            <div class=\"eael-image-accordion-hover eael-image-accordion-item\" style=\"background-image: url(https:\/\/andinadmc.com\/wp-content\/uploads\/2026\/08\/pisac-peru.webp);\"  tabindex=\"0\">\n                <div class=\"overlay\">\n                                        <div class=\"overlay-inner \">\n                        <h2 class=\"img-accordion-title\">\u2014 Pisac<\/h2>                            <p><p><span style=\"font-weight: 400\">Ruinas incas que se asoman sobre el pueblo desde lo alto, con terrazas de cultivo que todav\u00eda definen la ladera. Abajo, el mercado re\u00fane, desde temprano, algunos de los puestos de textiles y cer\u00e1mica m\u00e1s importantes del valle.<\/span><\/p><\/p>\n                                            <\/div>\n                <\/div>\n            <\/div>\n                    \n            <div class=\"eael-image-accordion-hover eael-image-accordion-item\" style=\"background-image: url(https:\/\/andinadmc.com\/wp-content\/uploads\/2026\/08\/maras-la-salinera-peru.webp);\"  tabindex=\"0\">\n                <div class=\"overlay\">\n                                        <div class=\"overlay-inner \">\n                        <h2 class=\"img-accordion-title\">\u2014 Maras, las salineras<\/h2>                            <p><p><span style=\"font-weight: 400\">Miles de pozas de sal alimentadas por un manantial subterr\u00e1neo cubren la ladera como un mosaico blanco. Las familias que trabajan la sal la cosechan a mano, con el mismo m\u00e9todo que se usaba antes de los incas.<\/span><\/p><\/p>\n                                            <\/div>\n                <\/div>\n            <\/div>\n                    \n            <div class=\"eael-image-accordion-hover eael-image-accordion-item\" style=\"background-image: url(https:\/\/andinadmc.com\/wp-content\/uploads\/2026\/08\/moray-peru.webp);\"  tabindex=\"0\">\n                <div class=\"overlay\">\n                                        <div class=\"overlay-inner \">\n                        <h2 class=\"img-accordion-title\">\u2014 Moray<\/h2>                            <p><p><span style=\"font-weight: 400\">Terrazas circulares que bajan como un anfiteatro hacia un punto central. La diferencia de temperatura entre la terraza m\u00e1s alta y la m\u00e1s baja llega a los 15 grados [dato a confirmar], lo que sugiere que los incas la usaban para experimentar con cultivos de distintos climas.<\/span><\/p><\/p>\n                                            <\/div>\n                <\/div>\n            <\/div>\n                <\/div>\n        <style typr=\"text\/css\">\n                    #eael-img-accordion-d1b412d .eael-image-accordion-hover:hover {\n                        flex: 3 1 0% !important;\n                    }\n                    #eael-img-accordion-d1b412d .eael-image-accordion-hover:hover:hover .overlay-inner * {\n                        opacity: 1;\n                        visibility: visible;\n                        transform: none;\n                        transition: all .3s .3s;\n                    }\n                <\/style>\t\t\t\t<\/div>\n\t\t\t\t<\/div>\n\t\t\t\t<\/div>\n\t\t\t\t<\/div>\n\t\t<div class=\"elementor-element elementor-element-9cea7f1 e-con-full e-flex e-con e-parent\" data-id=\"9cea7f1\" data-element_type=\"container\" data-e-type=\"container\" data-settings=\"{&quot;background_background&quot;:&quot;classic&quot;}\">\n\t\t<div class=\"elementor-element elementor-element-bb54ecf e-con-full e-flex e-con e-child\" data-id=\"bb54ecf\" data-element_type=\"container\" data-e-type=\"container\" data-settings=\"{&quot;animation&quot;:&quot;none&quot;}\">\n\t\t\t\t\t<p class=\"e-278c481-a044bd1 e-paragraph-base\" data-interaction-id=\"278c481\">MACHU PICCHU<\/p>\n\t\t\t\t\t<p class=\"e-0e08bd4-4da5f74 e-paragraph-base\" data-interaction-id=\"0e08bd4\">La ciudadela que nunca estuvo perdida<\/p>\n\t\t\t\t<\/div>\n\t\t<div class=\"elementor-element elementor-element-046e413 e-con-full e-flex e-con e-child\" data-id=\"046e413\" data-element_type=\"container\" data-e-type=\"container\" data-settings=\"{&quot;animation&quot;:&quot;none&quot;}\">\n\t\t\t\t\t<p class=\"e-f89e715-e5067ea e-paragraph-base\" data-interaction-id=\"f89e715\">A Machu Picchu se llega caminando, en tren panor\u00e1mico, o combinando las dos formas en un mismo itinerario.<\/p>\n\t\t\t\t<div class=\"elementor-element elementor-element-a385221 elementor-widget elementor-widget-button\" data-id=\"a385221\" data-element_type=\"widget\" data-e-type=\"widget\" data-settings=\"{&quot;wdt_animation_effect&quot;:&quot;none&quot;}\" data-widget_type=\"button.default\">\n\t\t\t\t\t\t\t\t\t\t<a class=\"elementor-button elementor-button-link elementor-size-sm\" href=\"https:\/\/andinadmc.com\/contactenos\/\">\n\t\t\t\t\t\t<span class=\"elementor-button-content-wrapper\">\n\t\t\t\t\t\t\t\t\t<span class=\"elementor-button-text\">COMPARTAMOS ESTA PASI\u00d3N<\/span>\n\t\t\t\t\t<\/span>\n\t\t\t\t\t<\/a>\n\t\t\t\t\t\t\t\t<\/div>\n\t\t\t\t<\/div>\n\t\t\t\t<\/div>\n\t\t<div class=\"elementor-element elementor-element-243d3ee e-grid e-con-full e-con e-parent\" data-id=\"243d3ee\" data-element_type=\"container\" data-e-type=\"container\">\n\t\t<div class=\"elementor-element elementor-element-9b7a5ba e-con e-atomic-element e-div-block-base e-9b7a5ba-072003e \" data-id=\"9b7a5ba\" data-element_type=\"e-div-block\" data-e-type=\"e-div-block\" data-interaction-id=\"9b7a5ba\">\n    \t\t\t<p class=\"e-7360268-e073845 e-paragraph-base\" data-interaction-id=\"7360268\">\u2014 Machu Picchu <\/p>\n\t\t\t\t\t<p class=\"e-4ed572f-e2b64bf e-paragraph-base\" data-interaction-id=\"4ed572f\">Cuando el explorador Hiram Bingham lleg\u00f3 en 1911, fueron agricultores locales quienes lo guiaron hasta la ciudadela. La piedra Intihuatana funcionaba como reloj solar, y el sistema de drenaje inca sigue protegiendo las estructuras de la erosi\u00f3n m\u00e1s de 500 a\u00f1os despu\u00e9s.<\/p>\n\t\t\n<\/div>\n<div class=\"elementor-element elementor-element-900bcff e-con e-atomic-element e-div-block-base e-900bcff-aac9f41 \" data-id=\"900bcff\" data-element_type=\"e-div-block\" data-e-type=\"e-div-block\" data-interaction-id=\"900bcff\">\n    \t\t\t<p class=\"e-bca6797-111815c e-paragraph-base\" data-interaction-id=\"bca6797\">\u2014 El Camino Inca<\/p>\n\t\t\t\t\t<p class=\"e-d0484bc-f733d6b e-paragraph-base\" data-interaction-id=\"d0484bc\">Cuatro d\u00edas de caminata sobre el mismo empedrado que usaban los mensajeros incas, durmiendo en carpa cada noche. La llegada es siempre igual: el primer vistazo a Machu Picchu aparece de golpe, a trav\u00e9s de Inti Punku, la Puerta del Sol.<\/p>\n\t\t\n<\/div>\n<div class=\"elementor-element elementor-element-12295ed e-con e-atomic-element e-div-block-base e-12295ed-e91cef2 \" data-id=\"12295ed\" data-element_type=\"e-div-block\" data-e-type=\"e-div-block\" data-interaction-id=\"12295ed\">\n    \t\t\t<p class=\"e-bf16b58-f5fa2a6 e-paragraph-base\" data-interaction-id=\"bf16b58\">\u2014 El tren Vistadome Observatory<\/p>\n\t\t\t\t\t<p class=\"e-55b190b-7f26a5d e-paragraph-base\" data-interaction-id=\"55b190b\">Suma a las ventanas panor\u00e1micas un vag\u00f3n mirador con techo de vidrio y un extremo al aire libre, con m\u00fasica y baile en vivo durante el trayecto.<\/p>\n\t\t\n<\/div>\n\t\t<\/div>\n\t\t<div class=\"elementor-element elementor-element-017de2f e-con-full e-flex e-con e-parent\" data-id=\"017de2f\" data-element_type=\"container\" data-e-type=\"container\" data-settings=\"{&quot;background_background&quot;:&quot;slideshow&quot;,&quot;background_slideshow_gallery&quot;:[{&quot;id&quot;:5926,&quot;url&quot;:&quot;https:\\\/\\\/andinadmc.com\\\/wp-content\\\/uploads\\\/2026\\\/08\\\/camino-del-inca.webp&quot;},{&quot;id&quot;:5927,&quot;url&quot;:&quot;https:\\\/\\\/andinadmc.com\\\/wp-content\\\/uploads\\\/2026\\\/08\\\/machupichu-peru.webp&quot;},{&quot;id&quot;:5928,&quot;url&quot;:&quot;https:\\\/\\\/andinadmc.com\\\/wp-content\\\/uploads\\\/2026\\\/08\\\/tren-Vistadome-Observatory.webp&quot;}],&quot;background_slideshow_slide_duration&quot;:1000,&quot;background_slideshow_transition_duration&quot;:200,&quot;background_slideshow_loop&quot;:&quot;yes&quot;,&quot;background_slideshow_slide_transition&quot;:&quot;fade&quot;,&quot;background_motion_fx_devices&quot;:[&quot;desktop&quot;,&quot;laptop&quot;,&quot;tablet_extra&quot;,&quot;tablet&quot;,&quot;mobile_extra&quot;,&quot;mobile&quot;]}\">\n\t\t\t\t<\/div>\n\t\t<div class=\"elementor-element elementor-element-f2b7aaa e-con-full e-flex e-con e-parent\" data-id=\"f2b7aaa\" data-element_type=\"container\" data-e-type=\"container\" data-settings=\"{&quot;background_background&quot;:&quot;classic&quot;}\">\n\t\t<div class=\"elementor-element elementor-element-9622bd1 e-con-full e-flex e-con e-child\" data-id=\"9622bd1\" data-element_type=\"container\" data-e-type=\"container\" data-settings=\"{&quot;animation&quot;:&quot;none&quot;}\">\n\t\t\t\t\t<p class=\"e-f417495-9a8ec8e e-paragraph-base\" data-interaction-id=\"f417495\">LA ALTA MONTA\u00d1A<\/p>\n\t\t\t\t\t<p class=\"e-c561aed-6a8d488 e-paragraph-base\" data-interaction-id=\"c561aed\">La cordillera, a distintos ritmos<\/p>\n\t\t\t\t<\/div>\n\t\t<div class=\"elementor-element elementor-element-7b410fd e-con-full e-flex e-con e-child\" data-id=\"7b410fd\" data-element_type=\"container\" data-e-type=\"container\" data-settings=\"{&quot;animation&quot;:&quot;none&quot;}\">\n\t\t\t\t\t<p class=\"e-65023fa-f54ebe5 e-paragraph-base\" data-interaction-id=\"65023fa\">De la caminata de varios d\u00edas a la salida de una tarde, la alta monta\u00f1a cusque\u00f1a ofrece m\u00e1s de una manera de acercarse.<\/p>\n\t\t\t\t<\/div>\n\t\t\t\t<\/div>\n\t\t<div class=\"elementor-element elementor-element-5e9deec e-con-full e-flex e-con e-parent\" data-id=\"5e9deec\" data-element_type=\"container\" data-e-type=\"container\">\n\t\t<div class=\"elementor-element elementor-element-8c96d11 e-con-full e-flex e-con e-child\" data-id=\"8c96d11\" data-element_type=\"container\" data-e-type=\"container\" data-settings=\"{&quot;background_background&quot;:&quot;slideshow&quot;,&quot;background_slideshow_gallery&quot;:[{&quot;id&quot;:5902,&quot;url&quot;:&quot;https:\\\/\\\/andinadmc.com\\\/wp-content\\\/uploads\\\/2026\\\/08\\\/laguna-humantay-peru.webp&quot;},{&quot;id&quot;:5901,&quot;url&quot;:&quot;https:\\\/\\\/andinadmc.com\\\/wp-content\\\/uploads\\\/2026\\\/08\\\/cerro-de-los-siete-colores-peru.webp&quot;},{&quot;id&quot;:5934,&quot;url&quot;:&quot;https:\\\/\\\/andinadmc.com\\\/wp-content\\\/uploads\\\/2026\\\/08\\\/caminatas-con-llamas-peru.webp&quot;},{&quot;id&quot;:5920,&quot;url&quot;:&quot;https:\\\/\\\/andinadmc.com\\\/wp-content\\\/uploads\\\/2026\\\/08\\\/maras-la-salinera-peru.webp&quot;}],&quot;animation&quot;:&quot;none&quot;,&quot;background_slideshow_slide_duration&quot;:1000,&quot;background_slideshow_transition_duration&quot;:200,&quot;background_slideshow_loop&quot;:&quot;yes&quot;,&quot;background_slideshow_slide_transition&quot;:&quot;fade&quot;}\">\n\t\t\t\t<\/div>\n\t\t<div class=\"elementor-element elementor-element-4a4657a e-con-full e-flex e-con e-child\" data-id=\"4a4657a\" data-element_type=\"container\" data-e-type=\"container\" data-settings=\"{&quot;animation&quot;:&quot;none&quot;}\">\n\t\t<div class=\"elementor-element elementor-element-e5e1147 e-con-full e-flex e-con e-child\" data-id=\"e5e1147\" data-element_type=\"container\" data-e-type=\"container\">\n\t\t\t\t\t<p class=\"e-2441efb-cfb293f e-paragraph-base\" data-interaction-id=\"2441efb\">\u2014 Salkantay y Vinicunca<\/p>\n\t\t\t\t\t<p class=\"e-3e6e27f-c549ac2 e-paragraph-base\" data-interaction-id=\"3e6e27f\">Salkantay sube hasta casi 4.650 metros bordeando un nevado que los incas consideraban un apu: cuatro o cinco d\u00edas de caminata, de la puna fr\u00eda de arriba a la selva tibia de abajo. La Monta\u00f1a de Siete Colores se hizo visible hace apenas una d\u00e9cada, cuando el hielo que la cubr\u00eda se retir\u00f3.<\/p>\n\t\t\t\t<\/div>\n\t\t<div class=\"elementor-element elementor-element-830b5a3 e-con-full e-flex e-con e-child\" data-id=\"830b5a3\" data-element_type=\"container\" data-e-type=\"container\">\n\t\t\t\t\t<p class=\"e-174ddc6-7f1930b e-paragraph-base\" data-interaction-id=\"174ddc6\">\u2014 Laguna Humantay<\/p>\n\t\t\t\t\t<p class=\"e-1577ecf-f66dcec e-paragraph-base\" data-interaction-id=\"1577ecf\">Un espejo de agua turquesa a casi 4.200 metros, rodeado de picos nevados, a menos de dos horas de caminata desde donde se deja el auto.<\/p>\n\t\t\t\t<\/div>\n\t\t<div class=\"elementor-element elementor-element-9d7de94 e-con-full e-flex e-con e-child\" data-id=\"9d7de94\" data-element_type=\"container\" data-e-type=\"container\">\n\t\t\t\t\t<p class=\"e-621214f-f8f60ac e-paragraph-base\" data-interaction-id=\"621214f\">\u2014 ATV por Moray y Maras<\/p>\n\t\t\t\t\t<p class=\"e-694c893-6f8cc1a e-paragraph-base\" data-interaction-id=\"694c893\">Los mismos paisajes de Moray y las salineras, recorridos en cuadriciclo, con m\u00e1s tierra y m\u00e1s viento en el camino.<\/p>\n\t\t\t\t<\/div>\n\t\t<div class=\"elementor-element elementor-element-7189f7b e-con-full e-flex e-con e-child\" data-id=\"7189f7b\" data-element_type=\"container\" data-e-type=\"container\">\n\t\t\t\t\t<p class=\"e-4f249e3-d0a7172 e-paragraph-base\" data-interaction-id=\"4f249e3\">\u2014 Caminatas con llamas<\/p>\n\t\t\t\t\t<p class=\"e-3b31d07-d88b192 e-paragraph-base\" data-interaction-id=\"3b31d07\">Caminar junto a una llama por los cerros del valle tiene su propio paso: el animal marca el ritmo, en salidas cortas pensadas para mirar el paisaje.<\/p>\n\t\t\t\t<\/div>\n\t\t\t\t<\/div>\n\t\t\t\t<\/div>\n\t\t<div class=\"elementor-element elementor-element-faf948e e-con-full e-flex e-con e-parent\" data-id=\"faf948e\" data-element_type=\"container\" data-e-type=\"container\" data-settings=\"{&quot;background_background&quot;:&quot;classic&quot;}\">\n\t\t<div class=\"elementor-element elementor-element-43fb484 e-con-full e-flex e-con e-child\" data-id=\"43fb484\" data-element_type=\"container\" data-e-type=\"container\" data-settings=\"{&quot;animation&quot;:&quot;none&quot;}\">\n\t\t\t\t\t<p class=\"e-d13ce7f-8aff18d e-paragraph-base\" data-interaction-id=\"d13ce7f\">C\u00d3MO RECORRER EL VALLE<\/p>\n\t\t\t\t\t<p class=\"e-c3159aa-7d2c831 e-paragraph-base\" data-interaction-id=\"c3159aa\">No hay una sola manera de recorrer el valle<\/p>\n\t\t\t\t<\/div>\n\t\t<div class=\"elementor-element elementor-element-f28356b e-con-full e-flex e-con e-child\" data-id=\"f28356b\" data-element_type=\"container\" data-e-type=\"container\" data-settings=\"{&quot;animation&quot;:&quot;none&quot;}\">\n\t\t\t\t\t<p class=\"e-07536df-a8debc9 e-paragraph-base\" data-interaction-id=\"07536df\">El tren panor\u00e1mico resulta ideal para quienes prefieren mirar el paisaje pasar. Viajar con auto y chofer privado permite detenerse donde el itinerario lo requiera, con independencia de horarios compartidos \u2014una ventaja que gana peso cuando el viaje incluye ni\u00f1os. Para quienes comparten el recorrido entre amigos, las caminatas de varios d\u00edas como Salkantay se viven mejor en conjunto. <br><br>Y para quienes prefieren un ritmo pausado, comenzar el itinerario en Arequipa antes de subir a Cusco permite que el cuerpo se acostumbre a la altura sin apuro.<\/p>\n\t\t\t\t<\/div>\n\t\t\t\t<\/div>\n\t\t<div class=\"elementor-element elementor-element-cf981fb e-con-full e-flex e-con e-parent\" data-id=\"cf981fb\" data-element_type=\"container\" data-e-type=\"container\">\n\t\t<div class=\"elementor-element elementor-element-56ff0f7 e-con-full e-flex elementor-invisible e-con e-child\" data-id=\"56ff0f7\" data-element_type=\"container\" data-e-type=\"container\" data-settings=\"{&quot;background_background&quot;:&quot;slideshow&quot;,&quot;animation&quot;:&quot;fadeInUp&quot;,&quot;background_slideshow_gallery&quot;:[],&quot;background_slideshow_loop&quot;:&quot;yes&quot;,&quot;background_slideshow_slide_duration&quot;:5000,&quot;background_slideshow_slide_transition&quot;:&quot;fade&quot;,&quot;background_slideshow_transition_duration&quot;:500}\">\n\t\t<div class=\"elementor-element elementor-element-aca2dd4 e-flex e-con-boxed elementor-invisible e-con e-child\" data-id=\"aca2dd4\" data-element_type=\"container\" data-e-type=\"container\" data-settings=\"{&quot;animation&quot;:&quot;fadeInUp&quot;}\">\n\t\t\t\t\t<div class=\"e-con-inner\">\n\t\t\t\t\t<p class=\"e-ababa69-0dde73c e-paragraph-base\" data-interaction-id=\"ababa69\">AREQUIPA Y EL CA\u00d1\u00d3N DEL COLCA<\/p>\n\t\t\t\t\t<p class=\"e-a1f1efb-5e2ddfd e-paragraph-base\" data-interaction-id=\"a1f1efb\">La ciudad blanca y su ca\u00f1\u00f3n<\/p>\n\t\t\t\t\t<p class=\"e-a643fdb-dcdcfe5 e-paragraph-base\" data-interaction-id=\"a643fdb\">Arequipa se reconoce por el sillar de sus fachadas y se completa con el vuelo del c\u00f3ndor sobre uno de los ca\u00f1ones m\u00e1s profundos del mundo.<\/p>\n\t\t\t\t\t<\/div>\n\t\t\t\t<\/div>\n\t\t\t\t<\/div>\n\t\t\t\t<\/div>\n\t\t<div class=\"elementor-element elementor-element-34ca1f4 e-grid e-con-full e-con e-parent\" data-id=\"34ca1f4\" data-element_type=\"container\" data-e-type=\"container\">\n\t\t<div class=\"elementor-element elementor-element-f91a25e e-con-full e-flex elementor-invisible e-con e-child\" data-id=\"f91a25e\" data-element_type=\"container\" data-e-type=\"container\" data-settings=\"{&quot;animation&quot;:&quot;fadeInUp&quot;}\">\n\t\t\t\t<div class=\"elementor-element elementor-element-5ed8782 elementor-widget elementor-widget-image\" data-id=\"5ed8782\" data-element_type=\"widget\" data-e-type=\"widget\" data-settings=\"{&quot;wdt_animation_effect&quot;:&quot;none&quot;}\" data-widget_type=\"image.default\">\n\t\t\t\t\t\t\t\t\t\t\t\t\t\t\t<img fetchpriority=\"high\" decoding=\"async\" width=\"1024\" height=\"576\" src=\"https:\/\/andinadmc.com\/wp-content\/uploads\/2026\/08\/santa-catalina-peru-1024x576.webp\" class=\"attachment-large size-large wp-image-5940\" alt=\"Calle interna del Monasterio de Santa Catalina en Arequipa, Per\u00fa, parte de las experiencias corporativas de Rixner DMC\" srcset=\"https:\/\/andinadmc.com\/wp-content\/uploads\/2026\/08\/santa-catalina-peru-1024x576.webp 1024w, https:\/\/andinadmc.com\/wp-content\/uploads\/2026\/08\/santa-catalina-peru-300x169.webp 300w, https:\/\/andinadmc.com\/wp-content\/uploads\/2026\/08\/santa-catalina-peru-768x432.webp 768w, https:\/\/andinadmc.com\/wp-content\/uploads\/2026\/08\/santa-catalina-peru-1536x864.webp 1536w, https:\/\/andinadmc.com\/wp-content\/uploads\/2026\/08\/santa-catalina-peru.webp 1920w\" sizes=\"(max-width: 1024px) 100vw, 1024px\" \/>\t\t\t\t\t\t\t\t\t\t\t\t\t\t\t<\/div>\n\t\t\t\t\t<p class=\"e-6eadb34-b7fe28c e-paragraph-base\" data-interaction-id=\"6eadb34\">\u2014 Santa Catalina<\/p>\n\t\t\t\t\t<p class=\"e-fe530e7-2da73d8 e-paragraph-base\" data-interaction-id=\"fe530e7\"><\/p>\n\t\t\t\t\t<p class=\"e-b402804-034a9ea e-paragraph-base\" data-interaction-id=\"b402804\">Funcion\u00f3 durante siglos casi como una ciudad propia: calles internas, plazas, una capilla para cada familia de monjas. Est\u00e1 construido en sillar, la piedra volc\u00e1nica blanca que le da a todo el centro de Arequipa ese brillo particular con el sol de la tarde.<\/p>\n\t\t\t\t<\/div>\n\t\t<div class=\"elementor-element elementor-element-032ed2b e-con-full e-flex elementor-invisible e-con e-child\" data-id=\"032ed2b\" data-element_type=\"container\" data-e-type=\"container\" data-settings=\"{&quot;animation&quot;:&quot;fadeInUp&quot;}\">\n\t\t\t\t<div class=\"elementor-element elementor-element-35771f8 elementor-widget elementor-widget-image\" data-id=\"35771f8\" data-element_type=\"widget\" data-e-type=\"widget\" data-settings=\"{&quot;wdt_animation_effect&quot;:&quot;none&quot;}\" data-widget_type=\"image.default\">\n\t\t\t\t\t\t\t\t\t\t\t\t\t\t\t<img decoding=\"async\" width=\"1024\" height=\"576\" src=\"https:\/\/andinadmc.com\/wp-content\/uploads\/2026\/08\/las-picanterias-1024x576.webp\" class=\"attachment-large size-large wp-image-5939\" alt=\"Plato tradicional servido en una picanter\u00eda de Arequipa, Per\u00fa, parte de la experiencia gastron\u00f3mica de Rixner DMC\" srcset=\"https:\/\/andinadmc.com\/wp-content\/uploads\/2026\/08\/las-picanterias-1024x576.webp 1024w, https:\/\/andinadmc.com\/wp-content\/uploads\/2026\/08\/las-picanterias-300x169.webp 300w, https:\/\/andinadmc.com\/wp-content\/uploads\/2026\/08\/las-picanterias-768x432.webp 768w, https:\/\/andinadmc.com\/wp-content\/uploads\/2026\/08\/las-picanterias-1536x864.webp 1536w, https:\/\/andinadmc.com\/wp-content\/uploads\/2026\/08\/las-picanterias.webp 1920w\" sizes=\"(max-width: 1024px) 100vw, 1024px\" \/>\t\t\t\t\t\t\t\t\t\t\t\t\t\t\t<\/div>\n\t\t\t\t\t<p class=\"e-7a2c4fc-5d36b70 e-paragraph-base\" data-interaction-id=\"7a2c4fc\">\u2014 Las picanter\u00edas<\/p>\n\t\t\t\t\t<p class=\"e-f4f4a83-7270164 e-paragraph-base\" data-interaction-id=\"f4f4a83\">Fondas familiares que llevan generaciones sirviendo rocoto relleno, chupe de camarones y adobo cocinado toda la noche: el lugar donde cualquier arequipe\u00f1o almuerza un domingo con su familia.<\/p>\n\t\t\t\t<\/div>\n\t\t<div class=\"elementor-element elementor-element-e6367f2 e-con-full e-flex elementor-invisible e-con e-child\" data-id=\"e6367f2\" data-element_type=\"container\" data-e-type=\"container\" data-settings=\"{&quot;animation&quot;:&quot;fadeInUp&quot;}\">\n\t\t\t\t<div class=\"elementor-element elementor-element-0568f81 elementor-widget elementor-widget-image\" data-id=\"0568f81\" data-element_type=\"widget\" data-e-type=\"widget\" data-settings=\"{&quot;wdt_animation_effect&quot;:&quot;none&quot;}\" data-widget_type=\"image.default\">\n\t\t\t\t\t\t\t\t\t\t\t\t\t\t\t<img decoding=\"async\" width=\"1024\" height=\"576\" src=\"https:\/\/andinadmc.com\/wp-content\/uploads\/2026\/08\/condor-andino-peru-1024x576.webp\" class=\"attachment-large size-large wp-image-5938\" alt=\"C\u00f3ndor andino en Per\u00fa, ave emblem\u00e1tica de la cordillera, parte de las experiencias corporativas de Rixner DMC\" srcset=\"https:\/\/andinadmc.com\/wp-content\/uploads\/2026\/08\/condor-andino-peru-1024x576.webp 1024w, https:\/\/andinadmc.com\/wp-content\/uploads\/2026\/08\/condor-andino-peru-300x169.webp 300w, https:\/\/andinadmc.com\/wp-content\/uploads\/2026\/08\/condor-andino-peru-768x432.webp 768w, https:\/\/andinadmc.com\/wp-content\/uploads\/2026\/08\/condor-andino-peru-1536x864.webp 1536w, https:\/\/andinadmc.com\/wp-content\/uploads\/2026\/08\/condor-andino-peru.webp 1920w\" sizes=\"(max-width: 1024px) 100vw, 1024px\" \/>\t\t\t\t\t\t\t\t\t\t\t\t\t\t\t<\/div>\n\t\t\t\t\t<p class=\"e-abdca72-bfd4379 e-paragraph-base\" data-interaction-id=\"abdca72\">\u2014 El ca\u00f1\u00f3n y el c\u00f3ndor<\/p>\n\t\t\t\t\t<p class=\"e-9ff3792-bd9bf61 e-paragraph-base\" data-interaction-id=\"9ff3792\">El c\u00f3ndor andino usa las corrientes de aire c\u00e1lido para volar casi sin mover las alas. El mejor momento para verlo es temprano en la ma\u00f1ana, en el mirador de la Cruz del C\u00f3ndor.<\/p>\n\t\t\t\t<\/div>\n\t\t\t\t<\/div>\n\t\t<div class=\"elementor-element elementor-element-325c5fe e-con-full e-flex e-con e-parent\" data-id=\"325c5fe\" data-element_type=\"container\" data-e-type=\"container\" data-settings=\"{&quot;background_background&quot;:&quot;classic&quot;}\">\n\t\t<div class=\"elementor-element elementor-element-836a8c6 e-con-full e-flex e-con e-child\" data-id=\"836a8c6\" data-element_type=\"container\" data-e-type=\"container\" data-settings=\"{&quot;animation&quot;:&quot;none&quot;}\">\n\t\t\t\t\t<p class=\"e-62fadec-ba44342 e-paragraph-base\" data-interaction-id=\"62fadec\">LAGO TITICACA Y PUNO<\/p>\n\t\t\t\t\t<p class=\"e-f2a512a-31220ef e-paragraph-base\" data-interaction-id=\"f2a512a\">Un lago que se teje y se navega<\/p>\n\t\t\t\t<\/div>\n\t\t<div class=\"elementor-element elementor-element-28103f6 e-con-full e-flex e-con e-child\" data-id=\"28103f6\" data-element_type=\"container\" data-e-type=\"container\" data-settings=\"{&quot;animation&quot;:&quot;none&quot;}\">\n\t\t\t\t\t<p class=\"e-d454355-538a8b0 e-paragraph-base\" data-interaction-id=\"d454355\">Entre islas flotantes de totora y comunidades tejedoras reconocidas por la Unesco, el Titicaca guarda tambi\u00e9n una fauna que pocos llegan a ver.<\/p>\n\t\t\t\t<\/div>\n\t\t\t\t<\/div>\n\t\t<div class=\"elementor-element elementor-element-2893dd1 e-con-full e-flex e-con e-parent\" data-id=\"2893dd1\" data-element_type=\"container\" data-e-type=\"container\">\n\t\t<div class=\"elementor-element elementor-element-cb49daf e-con-full e-flex e-con e-child\" data-id=\"cb49daf\" data-element_type=\"container\" data-e-type=\"container\" data-settings=\"{&quot;background_background&quot;:&quot;slideshow&quot;,&quot;background_slideshow_gallery&quot;:[{&quot;id&quot;:5942,&quot;url&quot;:&quot;https:\\\/\\\/andinadmc.com\\\/wp-content\\\/uploads\\\/2026\\\/08\\\/gorros-taquile.webp&quot;},{&quot;id&quot;:5943,&quot;url&quot;:&quot;https:\\\/\\\/andinadmc.com\\\/wp-content\\\/uploads\\\/2026\\\/08\\\/La-rana-gigante-del-Titicaca-Telmatobius-culeus.webp&quot;},{&quot;id&quot;:5944,&quot;url&quot;:&quot;https:\\\/\\\/andinadmc.com\\\/wp-content\\\/uploads\\\/2026\\\/08\\\/los-uros-peru.webp&quot;},{&quot;id&quot;:5945,&quot;url&quot;:&quot;https:\\\/\\\/andinadmc.com\\\/wp-content\\\/uploads\\\/2026\\\/08\\\/santa-catalina-peru-1.webp&quot;}],&quot;animation&quot;:&quot;none&quot;,&quot;background_slideshow_slide_duration&quot;:1000,&quot;background_slideshow_transition_duration&quot;:200,&quot;background_slideshow_loop&quot;:&quot;yes&quot;,&quot;background_slideshow_slide_transition&quot;:&quot;fade&quot;}\">\n\t\t\t\t<\/div>\n\t\t<div class=\"elementor-element elementor-element-2b8141e e-con-full e-flex e-con e-child\" data-id=\"2b8141e\" data-element_type=\"container\" data-e-type=\"container\" data-settings=\"{&quot;animation&quot;:&quot;none&quot;}\">\n\t\t<div class=\"elementor-element elementor-element-e130498 e-con-full e-flex e-con e-child\" data-id=\"e130498\" data-element_type=\"container\" data-e-type=\"container\">\n\t\t\t\t\t<p class=\"e-bb2a07b-b88a348 e-paragraph-base\" data-interaction-id=\"bb2a07b\">\u2014 Los Uros<\/p>\n\t\t\t\t\t<p class=\"e-1423a21-3fa0d5a e-paragraph-base\" data-interaction-id=\"1423a21\">Familias que viven sobre islas hechas de capas de totora, renovadas cada pocas semanas. La pesca sigue siendo parte de la vida diaria: salen en balsas de la misma totora, con redes tejidas a mano.<\/p>\n\t\t\t\t<\/div>\n\t\t<div class=\"elementor-element elementor-element-773859c e-con-full e-flex e-con e-child\" data-id=\"773859c\" data-element_type=\"container\" data-e-type=\"container\">\n\t\t\t\t\t<p class=\"e-65bdfda-1c9572d e-paragraph-base\" data-interaction-id=\"65bdfda\">\u2014 Taquile<\/p>\n\t\t\t\t\t<p class=\"e-cdda564-938afc9 e-paragraph-base\" data-interaction-id=\"cdda564\">La Unesco reconoci\u00f3 el tejido de la isla como patrimonio cultural inmaterial en 2005. Ah\u00ed son los hombres quienes tejen los gorros con orejeras, mientras las mujeres tejen las fajas.<\/p>\n\t\t\t\t<\/div>\n\t\t<div class=\"elementor-element elementor-element-4da589a e-con-full e-flex e-con e-child\" data-id=\"4da589a\" data-element_type=\"container\" data-e-type=\"container\">\n\t\t\t\t\t<p class=\"e-b905bb1-0a75f52 e-paragraph-base\" data-interaction-id=\"b905bb1\">\u2014 La rana gigante del Titicaca<\/p>\n\t\t\t\t\t<p class=\"e-86af8c8-72936e0 e-paragraph-base\" data-interaction-id=\"86af8c8\">Una especie que puede pesar casi un kilo y respira en parte a trav\u00e9s de la piel. Est\u00e1 en peligro de extinci\u00f3n, y verla es un hallazgo poco frecuente.<\/p>\n\t\t\t\t<\/div>\n\t\t\t\t<\/div>\n\t\t\t\t<\/div>\n\t\t<div class=\"elementor-element elementor-element-bc900a6 e-con-full e-flex e-con e-parent\" data-id=\"bc900a6\" data-element_type=\"container\" data-e-type=\"container\" data-settings=\"{&quot;background_background&quot;:&quot;classic&quot;}\">\n\t\t<div class=\"elementor-element elementor-element-75bc5f9 e-con-full e-flex e-con e-child\" data-id=\"75bc5f9\" data-element_type=\"container\" data-e-type=\"container\" data-settings=\"{&quot;animation&quot;:&quot;none&quot;}\">\n\t\t\t\t\t<p class=\"e-6e59855-b426c4e e-paragraph-base\" data-interaction-id=\"6e59855\">LA MESA ANDINA<\/p>\n\t\t\t\t\t<p class=\"e-52beca5-c69dcf3 e-paragraph-base\" data-interaction-id=\"52beca5\">La mesa como parte del paisaje<\/p>\n\t\t\t\t<\/div>\n\t\t<div class=\"elementor-element elementor-element-5d8a6d9 e-con-full e-flex e-con e-child\" data-id=\"5d8a6d9\" data-element_type=\"container\" data-e-type=\"container\" data-settings=\"{&quot;animation&quot;:&quot;none&quot;}\">\n\t\t\t\t\t<p class=\"e-f73c97e-05d7042 e-paragraph-base\" data-interaction-id=\"f73c97e\">Picnics con vista a los nevados, haciendas centenarias y una cocina que todav\u00eda se entierra bajo tierra: el Valle Sagrado tambi\u00e9n se vive sentado a la mesa.<\/p>\n\t\t\t\t<\/div>\n\t\t\t\t<\/div>\n\t\t<div class=\"elementor-element elementor-element-2ac3e4f e-grid e-con-full e-con e-parent\" data-id=\"2ac3e4f\" data-element_type=\"container\" data-e-type=\"container\">\n\t\t<div class=\"elementor-element elementor-element-74fc12f e-con-full e-flex e-con e-child\" data-id=\"74fc12f\" data-element_type=\"container\" data-e-type=\"container\">\n\t\t\t\t\t<p class=\"e-3128f6c-cb08c31 e-paragraph-base\" data-interaction-id=\"3128f6c\">\u2014 Picnic con vista andina<\/p>\n\t\t\t\t\t<p class=\"e-3c2c0d1-74dc32b e-paragraph-base\" data-interaction-id=\"3c2c0d1\">Servido sobre una manta, en un mirador con vista a los nevados, sin mesas y sin apuro.<\/p>\n\t\t\t\t<\/div>\n\t\t<div class=\"elementor-element elementor-element-4f70fef e-con-full e-flex e-con e-child\" data-id=\"4f70fef\" data-element_type=\"container\" data-e-type=\"container\">\n\t\t\t\t\t<p class=\"e-617fa4a-8b3a265 e-paragraph-base\" data-interaction-id=\"617fa4a\">\u2014 Almuerzo y cabalgata en Huayoccari<\/p>\n\t\t\t\t\t<p class=\"e-95f7044-b90ab80 e-paragraph-base\" data-interaction-id=\"95f7044\">La familia Lambarri Orihuela recibe a los visitantes en su propia casa desde hace cien a\u00f1os, entre una colecci\u00f3n privada de arte colonial e inca, con un almuerzo de recetas familiares y la posibilidad de una cabalgata por el valle.<\/p>\n\t\t\t\t<\/div>\n\t\t<div class=\"elementor-element elementor-element-beca5bd e-con-full e-flex e-con e-child\" data-id=\"beca5bd\" data-element_type=\"container\" data-e-type=\"container\">\n\t\t\t\t\t<p class=\"e-18b2d7c-ef9169b e-paragraph-base\" data-interaction-id=\"18b2d7c\">\u2014 Unu, en Maras<\/p>\n\t\t\t\t\t<p class=\"e-686058b-3a98966 e-paragraph-base\" data-interaction-id=\"686058b\">Men\u00fa fijo frente a la cordillera nevada, pensado para una sola mesa a la vez.<\/p>\n\t\t\t\t<\/div>\n\t\t<div class=\"elementor-element elementor-element-0868a41 e-con-full e-flex e-con e-child\" data-id=\"0868a41\" data-element_type=\"container\" data-e-type=\"container\">\n\t\t\t\t\t<p class=\"e-1990a65-b91b2e1 e-paragraph-base\" data-interaction-id=\"1990a65\">\u2014 Pachamanca<\/p>\n\t\t\t\t\t<p class=\"e-001b780-bb454fb e-paragraph-base\" data-interaction-id=\"001b780\">Una forma de cocinar tan antigua como la papa que se cocina adentro: carnes, papas y habas se entierran junto a piedras calientes durante horas. El momento de destaparla, con el vapor saliendo de la tierra, es tan parte de la experiencia como la comida misma.<br><\/p>\n\t\t\t\t<\/div>\n\t\t\t\t<\/div>\n\t\t<div class=\"elementor-element elementor-element-e7abed5 e-con-full e-flex e-con e-parent\" data-id=\"e7abed5\" data-element_type=\"container\" data-e-type=\"container\" data-settings=\"{&quot;background_background&quot;:&quot;slideshow&quot;,&quot;background_slideshow_gallery&quot;:[{&quot;id&quot;:3080,&quot;url&quot;:&quot;https:\\\/\\\/andinadmc.com\\\/wp-content\\\/uploads\\\/2026\\\/07\\\/YPO-Beyond-Buenos-Aires-Futbol-950-scaled.webp&quot;},{&quot;id&quot;:3081,&quot;url&quot;:&quot;https:\\\/\\\/andinadmc.com\\\/wp-content\\\/uploads\\\/2026\\\/07\\\/YPO-Beyond-Buenos-Aires-Futbol-685.webp&quot;},{&quot;id&quot;:3082,&quot;url&quot;:&quot;https:\\\/\\\/andinadmc.com\\\/wp-content\\\/uploads\\\/2026\\\/07\\\/YPO-Beyond-Buenos-Aires-Futbol-198.webp&quot;},{&quot;id&quot;:3084,&quot;url&quot;:&quot;https:\\\/\\\/andinadmc.com\\\/wp-content\\\/uploads\\\/2026\\\/07\\\/YPO-Beyond-Buenos-Aires-Futbol-1081.webp&quot;}],&quot;background_slideshow_slide_duration&quot;:1000,&quot;background_slideshow_transition_duration&quot;:200,&quot;background_slideshow_loop&quot;:&quot;yes&quot;,&quot;background_slideshow_slide_transition&quot;:&quot;fade&quot;,&quot;background_motion_fx_devices&quot;:[&quot;desktop&quot;,&quot;laptop&quot;,&quot;tablet_extra&quot;,&quot;tablet&quot;,&quot;mobile_extra&quot;,&quot;mobile&quot;]}\">\n\t\t\t\t<\/div>\n\t\t\t\t<\/div>\n\t\t","protected":false},"excerpt":{"rendered":"<p>PER\u00da \u00b7 SUR ANDINO \u00b7 CORDILLERA Per\u00fa no se explica, se atraviesa En una misma semana se puede bajar de un paso andino de 4.000 metros al Valle Sagrado, subir hasta el Ca\u00f1\u00f3n del Colca o cruzar el altiplano hasta el lago navegable m\u00e1s alto del mundo. La mujer que teje en el Valle Sagrado [&hellip;]<\/p>\n","protected":false},"author":1,"featured_media":0,"parent":0,"menu_order":0,"comment_status":"closed","ping_status":"closed","template":"elementor_header_footer","meta":{"_angie_page":false,"_eb_attr":"","footnotes":""},"class_list":["post-5837","page","type-page","status-publish","hentry"],"aioseo_notices":[],"_links":{"self":[{"href":"https:\/\/andinadmc.com\/en\/wp-json\/wp\/v2\/pages\/5837","targetHints":{"allow":["GET"]}}],"collection":[{"href":"https:\/\/andinadmc.com\/en\/wp-json\/wp\/v2\/pages"}],"about":[{"href":"https:\/\/andinadmc.com\/en\/wp-json\/wp\/v2\/types\/page"}],"author":[{"embeddable":true,"href":"https:\/\/andinadmc.com\/en\/wp-json\/wp\/v2\/users\/1"}],"replies":[{"embeddable":true,"href":"https:\/\/andinadmc.com\/en\/wp-json\/wp\/v2\/comments?post=5837"}],"version-history":[{"count":120,"href":"https:\/\/andinadmc.com\/en\/wp-json\/wp\/v2\/pages\/5837\/revisions"}],"predecessor-version":[{"id":7565,"href":"https:\/\/andinadmc.com\/en\/wp-json\/wp\/v2\/pages\/5837\/revisions\/7565"}],"wp:attachment":[{"href":"https:\/\/andinadmc.com\/en\/wp-json\/wp\/v2\/media?parent=5837"}],"curies":[{"name":"wp","href":"https:\/\/api.w.org\/{rel}","templated":true}]}}